{"id":170,"date":"2017-03-02T15:30:28","date_gmt":"2017-03-02T14:30:28","guid":{"rendered":"http:\/\/blog.manpowergroup.be\/?page_id=170"},"modified":"2025-04-11T16:06:23","modified_gmt":"2025-04-11T14:06:23","slug":"espace-presse","status":"publish","type":"page","link":"https:\/\/uat.manpowergroup.be\/fr\/espace-presse\/","title":{"rendered":"Espace Presse"},"content":{"rendered":"<div class=\"wpb-content-wrapper\"><p>[vc_row][vc_column][vc_column_text]<\/p>\n<h1>Espace\u00a0Presse<\/h1>\n<p>Gr\u00e2ce \u00e0 notre position de leader au coeur du march\u00e9 mondial du travail, ManpowerGroup est un observateur privil\u00e9gi\u00e9 des tendances de l\u2019emploi. Nos \u00e9tudes, nos publications ou nos <strong>white papers<\/strong> sont des <strong>sources d\u2019informations relevantes<\/strong> et font r\u00e9guli\u00e8rement <strong>la une des m\u00e9dias<\/strong> nationaux et internationaux. Nos experts se tiennent \u00e0 votre disposition pour partager leurs connaissances. N\u2019h\u00e9sitez pas \u00e0 contacter notre service de presse.<\/p>\n<h2>Communiqu\u00e9s de presse<\/h2>\n<p><strong>Belgique :<\/strong><\/p>\n<div class=\"accordion\"><div class=\"mfn-acc accordion_wrapper  open1st\"><\/p>\n<div class=\"question\"><div class=\"title\"><i class=\"icon-plus acc-icon-plus\"><\/i><i class=\"icon-minus acc-icon-minus\"><\/i>2023<\/div><div class=\"answer\"><\/p>\n<ul>\n<li><a href=\"https:\/\/uat.manpowergroup.be\/wp-content\/uploads\/2023\/07\/BE_FR_release_AI_Rec.pdf\" rel=\"noopener noreferrer\"><img decoding=\"async\" class=\"alignnone wp-image-701\" src=\"\/wp-content\/uploads\/2017\/03\/btn_pdf-80x80.png\" alt=\"\" width=\"26\" height=\"44\" \/><\/a> <strong>17.07.2023<\/strong>\u00a0| 31% des entreprises belges utilisent d\u00e9j\u00e0 l\u2019intelligence artificielle dans leur processus de recrutement.<\/li>\n<li><a href=\"https:\/\/uat.manpowergroup.be\/wp-content\/uploads\/2023\/07\/ManpowerGroup_Vivatech_2023_FR.pdf\" rel=\"noopener noreferrer\"><img decoding=\"async\" class=\"alignnone wp-image-701\" src=\"\/wp-content\/uploads\/2017\/03\/btn_pdf-80x80.png\" alt=\"\" width=\"26\" height=\"44\" \/><\/a> <strong>14.06.2023<\/strong>\u00a0| ManpowerGroup r\u00e9v\u00e8le les derni\u00e8res tendances et innovations RH lors de VivaTech 2023.<\/li>\n<li><a href=\"https:\/\/uat.manpowergroup.be\/wp-content\/uploads\/2023\/07\/BE_FR_release_3Q23.pdf\" rel=\"noopener noreferrer\"><img decoding=\"async\" class=\"alignnone wp-image-701\" src=\"\/wp-content\/uploads\/2017\/03\/btn_pdf-80x80.png\" alt=\"\" width=\"26\" height=\"44\" \/><\/a> <strong>13.06.2023<\/strong>\u00a0| Intentions de recrutement prudemment optimistes pour le 3\u00e8me trimestre 2023 (Barom\u00e8tre de l\u2019emploi de ManpowerGroup Q3\/2023).<\/li>\n<li><a href=\"https:\/\/uat.manpowergroup.be\/wp-content\/uploads\/2023\/07\/ManpowerGroup_Penuries_Talents_2023_BEFR.pdf\" rel=\"noopener noreferrer\"><img decoding=\"async\" class=\"alignnone wp-image-701\" src=\"\/wp-content\/uploads\/2017\/03\/btn_pdf-80x80.png\" alt=\"\" width=\"26\" height=\"44\" \/><\/a> <strong>16.05.2023<\/strong>\u00a0| \u00a0Les employeurs belges aff\u00fbtent leurs strat\u00e9gies pour faire face aux p\u00e9nuries de talents.<\/li>\n<li><a href=\"https:\/\/uat.manpowergroup.be\/wp-content\/uploads\/2023\/07\/Communique_Geert_Volders_Right_Management_ManpowerGroup_200423_FR.pdf\" rel=\"noopener noreferrer\"><img decoding=\"async\" class=\"alignnone wp-image-701\" src=\"\/wp-content\/uploads\/2017\/03\/btn_pdf-80x80.png\" alt=\"\" width=\"26\" height=\"44\" \/><\/a> <strong>20.04.2023<\/strong>\u00a0| \u00a0Geert Volders devient directeur de Right Management Belgium, l&rsquo;expert en outplacement et en gestion de talents au sein de ManpowerGroup.<\/li>\n<li><a href=\"https:\/\/uat.manpowergroup.be\/wp-content\/uploads\/2023\/07\/BE_FR_release_2Q23.pdf\" rel=\"noopener noreferrer\"><img decoding=\"async\" class=\"alignnone wp-image-701\" src=\"\/wp-content\/uploads\/2017\/03\/btn_pdf-80x80.png\" alt=\"\" width=\"26\" height=\"44\" \/><\/a> <strong>14.03.2023<\/strong>\u00a0| March\u00e9 de l\u2019emploi sous tension en Belgique : intentions de recrutement en recul et p\u00e9nuries de talents en hausse (Barom\u00e8tre de l\u2019emploi de ManpowerGroup Q2\/2023).<\/li>\n<li><a href=\"https:\/\/uat.manpowergroup.be\/wp-content\/uploads\/2023\/07\/BE_FR_release_IWD2023.pdf\" rel=\"noopener noreferrer\"><img decoding=\"async\" class=\"alignnone wp-image-701\" src=\"\/wp-content\/uploads\/2017\/03\/btn_pdf-80x80.png\" alt=\"\" width=\"26\" height=\"44\" \/><\/a> <strong>08.03.2023 <\/strong>|\u00a0 Journ\u00e9e internationale des droits des femmes : \u2018What Women Want at Work\u2019 &#8211; Choix &amp; flexibilit\u00e9, des salaires \u00e9quitables, un leadership plus empathique.<\/li>\n<li><a href=\"https:\/\/uat.manpowergroup.be\/wp-content\/uploads\/2023\/07\/BE_FR_release_EcoVadis_2023.pdf\" rel=\"noopener noreferrer\"><img decoding=\"async\" class=\"alignnone wp-image-701\" src=\"\/wp-content\/uploads\/2017\/03\/btn_pdf-80x80.png\" alt=\"\" width=\"26\" height=\"44\" \/><\/a> <strong>15.02.2023 <\/strong>|\u00a0 ManpowerGroup BeLux obtient pour la troisi\u00e8me fois cons\u00e9cutive la m\u00e9daille d\u2019or Ecovadis pour ses performances dans le domaine de la durabilit\u00e9 et de la responsabilit\u00e9 soci\u00e9tale.<\/li>\n<li><a href=\"https:\/\/uat.manpowergroup.be\/wp-content\/uploads\/2023\/07\/BE_FR_release_The_New_Human_Age.pdf\" rel=\"noopener noreferrer\"><img decoding=\"async\" class=\"alignnone wp-image-701\" src=\"\/wp-content\/uploads\/2017\/03\/btn_pdf-80x80.png\" alt=\"\" width=\"26\" height=\"44\" \/><\/a> <strong>17.01.2023 <\/strong>|\u00a0 Rapport 2023 de ManpowerGroup sur les tendances du march\u00e9 du travail : Le \u2018New Human Age\u2019 est devant nous !<\/li>\n<li><a href=\"https:\/\/uat.manpowergroup.be\/wp-content\/uploads\/2023\/07\/BE_FR_release_1Q23.pdf\" rel=\"noopener noreferrer\"><img decoding=\"async\" class=\"alignnone wp-image-701\" src=\"\/wp-content\/uploads\/2017\/03\/btn_pdf-80x80.png\" alt=\"\" width=\"26\" height=\"44\" \/><\/a> <strong>05.01.2023<\/strong> <span lang=\"FR-BE\">| <\/span>Les employeurs belges pr\u00e9voient de ralentir le rythme des embauches au cours du 1er trimestre 2023, mais continuent \u00e0 faire preuve de r\u00e9silience (Barom\u00e8tre de l\u2019emploi de ManpowerGroup).<\/li>\n<\/ul>\n<p><\/div><\/div>\n<div class=\"question\"><div class=\"title\"><i class=\"icon-plus acc-icon-plus\"><\/i><i class=\"icon-minus acc-icon-minus\"><\/i>2022<\/div><div class=\"answer\"><\/p>\n<ul>\n<li><a href=\"https:\/\/uat.manpowergroup.be\/wp-content\/uploads\/2023\/07\/FR-2022_Total_-Workforce_-Index_-ManpowerGroup_BEFR.pdf\" rel=\"noopener noreferrer\"><img decoding=\"async\" class=\"alignnone wp-image-701\" src=\"\/wp-content\/uploads\/2017\/03\/btn_pdf-80x80.png\" alt=\"\" width=\"26\" height=\"44\" \/><\/a> <strong><span lang=\"FR-BE\">15.12.2022<\/span><\/strong><span lang=\"FR-BE\">\u00a0| La Belgique 55e (sur 64 pays) sur l\u2019indice mondial de la main-d\u2019\u0153uvre 2022 de ManpowerGroup\u00a0 (Total Workforce Index&#x2122;)<\/span><\/li>\n<li><a href=\"https:\/\/uat.manpowergroup.be\/wp-content\/uploads\/2022\/12\/BE_FR_release_4Q22.pdf\" rel=\"noopener noreferrer\"><img decoding=\"async\" class=\"alignnone wp-image-701\" src=\"\/wp-content\/uploads\/2017\/03\/btn_pdf-80x80.png\" alt=\"\" width=\"26\" height=\"44\" \/><\/a> <strong>13.09.2022<\/strong> | Les intentions de recrutement pour le quatri\u00e8me trimestre se maintiennent \u00e0 des niveaux tr\u00e8s \u00e9lev\u00e9s en Belgique, dans un contexte d\u2019incertitude et de p\u00e9nuries de talents (Barom\u00e8tre de l\u2019emploi de ManpowerGroup Q4\/2022).<\/li>\n<li><a href=\"https:\/\/uat.manpowergroup.be\/wp-content\/uploads\/2022\/06\/BE_FR_release_3Q22.pdf\" rel=\"noopener noreferrer\"><img decoding=\"async\" class=\"alignnone wp-image-701\" src=\"\/wp-content\/uploads\/2017\/03\/btn_pdf-80x80.png\" alt=\"\" width=\"26\" height=\"44\" \/><\/a> <strong>19.05.2022<\/strong> | 76% des employeurs belges \u00e9prouvent des difficult\u00e9s \u00e0 pourvoir leurs postes vacants, alors qu\u2019ils pr\u00e9voient de ralentir le rythme des embauches au cours du 3\u00e8me trimestre 2022 (Barom\u00e8tre de l\u2019emploi de ManpowerGroup Q3\/2022).<\/li>\n<li><a href=\"https:\/\/uat.manpowergroup.be\/wp-content\/uploads\/2022\/06\/BE_FR_release_The-great-Realization.pdf\" rel=\"noopener noreferrer\"><img decoding=\"async\" class=\"alignnone wp-image-701\" src=\"\/wp-content\/uploads\/2017\/03\/btn_pdf-80x80.png\" alt=\"\" width=\"26\" height=\"44\" \/><\/a> <strong>29.04.2022<\/strong> | Etude de ManpowerGroup : \u2018TheGreat Realization\u2019 \u2013 Monde du travail : le grand basculement.<\/li>\n<li><a href=\"https:\/\/uat.manpowergroup.be\/wp-content\/uploads\/2022\/04\/BE_FR_release_2Q22.pdf\" rel=\"noopener noreferrer\"><img decoding=\"async\" class=\"alignnone wp-image-701\" src=\"\/wp-content\/uploads\/2017\/03\/btn_pdf-80x80.png\" alt=\"\" width=\"26\" height=\"44\" \/><\/a> <strong>22.03.2022<\/strong> | Les employeurs belges continuent de rapporter des intentions de recrutement tr\u00e8s optimistes pour le 2\u00e8me trimestre 2022 (Barom\u00e8tre de l\u2019emploi de ManpowerGroup Q2\/2022).<\/li>\n<li><a href=\"https:\/\/uat.manpowergroup.be\/wp-content\/uploads\/2022\/04\/BE_FR_release_awards.pdf\" rel=\"noopener noreferrer\"><img decoding=\"async\" class=\"alignnone wp-image-701\" src=\"\/wp-content\/uploads\/2017\/03\/btn_pdf-80x80.png\" alt=\"\" width=\"26\" height=\"44\" \/><\/a> <strong>18.03.2022<\/strong> | ManpowerGroup proclam\u00e9e \u2018Best Staffing, Sourcing &amp; Contingent Workforce Management Company\u2019 lors des Belgian HR Excellence Awards 2021 .<\/li>\n<li><a href=\"https:\/\/uat.manpowergroup.be\/wp-content\/uploads\/2022\/04\/01_Total_-Workforce_-Index_-ManpowerGroup_150222_BEFR.pdf\" rel=\"noopener noreferrer\"><img decoding=\"async\" class=\"alignnone wp-image-701\" src=\"\/wp-content\/uploads\/2017\/03\/btn_pdf-80x80.png\" alt=\"\" width=\"26\" height=\"44\" \/><\/a> <strong>15.02.2022<\/strong> | La Belgique 42e (sur 75) sur l\u2019indice mondial de la main-d\u2019\u0153uvre de ManpowerGroup (Total Workforce Index&#x2122;).<\/li>\n<\/ul>\n<p><\/div><\/div>\n<div class=\"question\"><div class=\"title\"><i class=\"icon-plus acc-icon-plus\"><\/i><i class=\"icon-minus acc-icon-minus\"><\/i>2021<\/div><div class=\"answer\"><\/p>\n<ul>\n<li><a href=\"https:\/\/uat.manpowergroup.be\/wp-content\/uploads\/2021\/12\/BE_FR_release_ManpowerGroup_BeLux_161221.pdf\" rel=\"noopener noreferrer\"><img decoding=\"async\" class=\"alignnone wp-image-701\" src=\"\/wp-content\/uploads\/2017\/03\/btn_pdf-80x80.png\" alt=\"\" width=\"26\" height=\"44\" \/><\/a> <strong>16.12.2021<\/strong> | ManpowerGroup nomme S\u00e9bastien Delfosse \u00e0 la t\u00eate de ses activit\u00e9s en Belgique et au Luxembourg.<\/li>\n<li><a href=\"https:\/\/uat.manpowergroup.be\/wp-content\/uploads\/2021\/12\/BE_FR_release_Planet_ManpowerGroupBe.pdf\" rel=\"noopener noreferrer\"><img decoding=\"async\" class=\"alignnone wp-image-701\" src=\"\/wp-content\/uploads\/2017\/03\/btn_pdf-80x80.png\" alt=\"\" width=\"26\" height=\"44\" \/><\/a> <strong>29.11.2021<\/strong> | ManpowerGroup annonce des objectifs climatiques fond\u00e9s sur la science et s&rsquo;engage \u00e0 atteindre l&rsquo;objectif de \u2018z\u00e9ro \u00e9mission nette\u2019 au niveau mondial pour 2045 au plus tard.<\/li>\n<li><a href=\"https:\/\/uat.manpowergroup.be\/wp-content\/uploads\/2021\/12\/BE_FR_release_-My_Path_-ManpowerGroup.pdf\" rel=\"noopener noreferrer\"><img decoding=\"async\" class=\"alignnone wp-image-701\" src=\"\/wp-content\/uploads\/2017\/03\/btn_pdf-80x80.png\" alt=\"\" width=\"26\" height=\"44\" \/><\/a> <strong>26.10.2021<\/strong> | Avec son nouveau programme MyPath, Manpower mise sur le d\u00e9veloppement des talents.<\/li>\n<li><a href=\"\/wp-content\/uploads\/2021\/10\/BE_FR_training_release_4Q21.pdf\" rel=\"noopener noreferrer\"><img decoding=\"async\" class=\"alignnone wp-image-701\" src=\"\/wp-content\/uploads\/2017\/03\/btn_pdf-80x80.png\" alt=\"\" width=\"26\" height=\"44\" \/><\/a> <strong>06.10.2021<\/strong> | 37% des entreprises belges investissent dans la formation pour surmonter les p\u00e9nuries de talents (Enqu\u00eate ManpowerGroup).<\/li>\n<li><a href=\"\/wp-content\/uploads\/2021\/10\/BE_FR_release_4Q21.pdf\" rel=\"noopener noreferrer\"><img decoding=\"async\" class=\"alignnone wp-image-701\" src=\"\/wp-content\/uploads\/2017\/03\/btn_pdf-80x80.png\" alt=\"\" width=\"26\" height=\"44\" \/><\/a> <strong>14.09.2021<\/strong> | Optimisme retrouv\u00e9 sur le march\u00e9 de l\u2019emploi : un employeur belge sur deux pr\u00e9voit de renforcer ses effectifs d\u2019ici la fin de l\u2019ann\u00e9e (Barom\u00e8tre ManpowerGroup Q4\/2021).<\/li>\n<li><a href=\"\/wp-content\/uploads\/2021\/07\/BE_FR_return_to_the_workplace.pdf\" rel=\"noopener noreferrer\"><img decoding=\"async\" class=\"alignnone wp-image-701\" src=\"\/wp-content\/uploads\/2017\/03\/btn_pdf-80x80.png\" alt=\"\" width=\"26\" height=\"44\" \/><\/a> <strong>29.06.2021<\/strong> | Retour sur le lieu de travail : Le travail en pr\u00e9sentiel et le travail hybride sur pied d\u2019\u00e9galit\u00e9 (Enqu\u00eate ManpowerGroup).<\/li>\n<li><a href=\"\/wp-content\/uploads\/2021\/06\/BE_FR_release_3Q21.pdf\" rel=\"noopener noreferrer\"><img decoding=\"async\" class=\"alignnone wp-image-701\" src=\"\/wp-content\/uploads\/2017\/03\/btn_pdf-80x80.png\" alt=\"\" width=\"26\" height=\"44\" \/><\/a> <strong>08.06.2021<\/strong> | Le rythme des embauches va continuer \u00e0 se renforcer pendant l\u2019\u00e9t\u00e9 \u2026 alors que 83% des employeurs belges \u00e9prouvent des difficult\u00e9s \u00e0 remplir leurs postes vacants (Barom\u00e8tre ManpowerGroup Q3\/2021).<\/li>\n<li><a href=\"\/wp-content\/uploads\/2021\/05\/18_05_21_Skills-Revolution_ManpowerGroup_BEFR.pdf\" rel=\"noopener noreferrer\"><img decoding=\"async\" class=\"alignnone wp-image-701\" src=\"\/wp-content\/uploads\/2017\/03\/btn_pdf-80x80.png\" alt=\"\" width=\"26\" height=\"44\" \/><\/a> <strong>18.05.2021<\/strong> | 36% des entreprises belges ont acc\u00e9l\u00e9r\u00e9 leur digitalisation au cours de la crise du Covid (Enqu\u00eate La R\u00e9volution des Comp\u00e9tences relanc\u00e9e).<\/li>\n<li><a href=\"\/wp-content\/uploads\/2021\/04\/21_04_21_Total-Workforce-Index_ManpowerGroup_BEFR.pdf\" rel=\"noopener noreferrer\"><img decoding=\"async\" class=\"alignnone wp-image-701\" src=\"\/wp-content\/uploads\/2017\/03\/btn_pdf-80x80.png\" alt=\"\" width=\"26\" height=\"44\" \/><\/a> <strong>21.04.2021<\/strong> | La Belgique 34e (sur 76) sur l\u2019indice mondial de la main-d\u2019\u0153uvre de ManpowerGroup (Total Workforce Index&#x2122;).<\/li>\n<li><a href=\"\/wp-content\/uploads\/2021\/04\/Gaming_BE_FR_release.pdf\" rel=\"noopener noreferrer\"><img decoding=\"async\" class=\"alignnone wp-image-701\" src=\"\/wp-content\/uploads\/2017\/03\/btn_pdf-80x80.png\" alt=\"\" width=\"26\" height=\"44\" \/><\/a> <strong>24.03.2021<\/strong> | #GAME2WORK \u2013 Avez-vous ajout\u00e9 vos comp\u00e9tences de gaming \u00e0 votre curriculum vitae ?<\/li>\n<li><a href=\"\/wp-content\/uploads\/2021\/03\/BE_FR_release_2Q21.pdf\" rel=\"noopener noreferrer\"><img decoding=\"async\" class=\"alignnone wp-image-701\" src=\"\/wp-content\/uploads\/2017\/03\/btn_pdf-80x80.png\" alt=\"\" width=\"26\" height=\"44\" \/><\/a> <strong>09.03.2021<\/strong> | Les employeurs belges reprennent confiance et anticipent des intentions de recrutement mod\u00e9rement optimistes pour le prochain trimestre (Barom\u00e8tre ManpowerGroup Q2\/2021).<\/li>\n<li><a href=\"\/wp-content\/uploads\/2021\/03\/BE_FR_ManpowerGroup_release_diversite_120221.pdf\" rel=\"noopener noreferrer\"><img decoding=\"async\" class=\"alignnone wp-image-701\" src=\"\/wp-content\/uploads\/2017\/03\/btn_pdf-80x80.png\" alt=\"\" width=\"26\" height=\"44\" \/><\/a> <strong>12.02.2021<\/strong> | Manpower r\u00e9compens\u00e9 pour son engagement en faveur de la diversit\u00e9 et l\u2019inclusion lors de la remise des labels diversit\u00e9 de la r\u00e9gion Bruxelles-Capitale.<\/li>\n<li><a href=\"\/wp-content\/uploads\/2021\/01\/BE_FR_ManpowerGroup_release_branding_180121.pdf\" rel=\"noopener noreferrer\"><img decoding=\"async\" class=\"alignnone wp-image-701\" src=\"\/wp-content\/uploads\/2017\/03\/btn_pdf-80x80.png\" alt=\"\" width=\"26\" height=\"44\" \/><\/a> <strong>18.01.2021<\/strong> | Une nouvelle architecture de marque pour ManpowerGroup : Manpower, Experis, Talent Solutions et Jefferson Wells.<\/li>\n<\/ul>\n<p><\/div><\/div>\n<div class=\"question\"><div class=\"title\"><i class=\"icon-plus acc-icon-plus\"><\/i><i class=\"icon-minus acc-icon-minus\"><\/i>Ann\u00e9es pr\u00e9c\u00e9dentes<\/div><div class=\"answer\"><\/p>\n<h3>2020<\/h3>\n<ul>\n<li><a href=\"\/wp-content\/uploads\/2021\/01\/BE_FR_release_1Q21.pdf\" rel=\"noopener noreferrer\"><img decoding=\"async\" class=\"alignnone wp-image-701\" src=\"\/wp-content\/uploads\/2017\/03\/btn_pdf-80x80.png\" alt=\"\" width=\"26\" height=\"44\" \/><\/a> <strong>08.12.2020<\/strong> | Les employeurs belges anticipent une reprise progressive des embauches au 1er trimestre 2021 (Barom\u00e8tre ManpowerGroup Q1\/2021).<\/li>\n<li><a href=\"\/wp-content\/uploads\/2020\/09\/BE_FR_release_4Q20.pdf\" rel=\"noopener noreferrer\"><img decoding=\"async\" class=\"alignnone wp-image-701\" src=\"\/wp-content\/uploads\/2017\/03\/btn_pdf-80x80.png\" alt=\"\" width=\"26\" height=\"44\" \/><\/a> <strong>08.09.2020<\/strong> | Le march\u00e9 de l\u2019emploi va continuer \u00e0 tourner au ralenti au cours du quatri\u00e8me trimestre en Belgique en raison de la crise sanitaire du Covid-19 (Barom\u00e8tre ManpowerGroup Q4\/2020).<\/li>\n<li><a href=\"\/wp-content\/uploads\/2020\/09\/BE_FR_CoYC20-ManpowerGroup-press-release.pdf\" rel=\"noopener noreferrer\"><img decoding=\"async\" class=\"alignnone wp-image-701\" src=\"\/wp-content\/uploads\/2017\/03\/btn_pdf-80x80.png\" alt=\"\" width=\"26\" height=\"44\" \/><\/a> <strong>29.07.2020<\/strong> | Des \u00e9l\u00e8ves bruxellois remportent le \u2018Ready For Work Award\u2019 de ManpowerGroup lors de la finale europ\u00e9enne des mini-entreprises.<\/li>\n<li><a href=\"\/wp-content\/uploads\/2020\/06\/ManpowerGroup_greatplacetowork_130620.pdf\" rel=\"noopener noreferrer\"><img decoding=\"async\" class=\"alignnone wp-image-701\" src=\"\/wp-content\/uploads\/2017\/03\/btn_pdf-80x80.png\" alt=\"\" width=\"26\" height=\"44\" \/><\/a> <strong>17.06.2020<\/strong> | ManpowerGroup, parmi les \u2018entreprises o\u00f9 il fait bon travailler \u00bb au Luxembourg.<\/li>\n<li><a href=\"\/wp-content\/uploads\/2020\/06\/16_06_20_Communique_presse_ManpowerGroup_EcoVadis-BEFR.pdf\" rel=\"noopener noreferrer\"><img decoding=\"async\" class=\"alignnone wp-image-701\" src=\"\/wp-content\/uploads\/2017\/03\/btn_pdf-80x80.png\" alt=\"\" width=\"26\" height=\"44\" \/><\/a> <strong>16.06.2020<\/strong> | ManpowerGroup BeLux \u00e0 nouveau m\u00e9daille d\u2019or sur la plateforme de notation de d\u00e9veloppement durable EcoVadis.<\/li>\n<li><a href=\"\/wp-content\/uploads\/2020\/06\/Manpower_-Belgium-Mask_-110620_2.pdf\" rel=\"noopener noreferrer\"><img decoding=\"async\" class=\"alignnone wp-image-701\" src=\"\/wp-content\/uploads\/2017\/03\/btn_pdf-80x80.png\" alt=\"\" width=\"26\" height=\"44\" \/><\/a> <strong>11.06.2020<\/strong> | Manpower lance le recrutement du personnel pour la nouvelle ligne de production de la soci\u00e9t\u00e9 Belgium Mask.<\/li>\n<li><a href=\"\/wp-content\/uploads\/2020\/06\/BE_FR_release_3Q20.pdf\" rel=\"noopener noreferrer\"><img decoding=\"async\" class=\"alignnone wp-image-701\" src=\"\/wp-content\/uploads\/2017\/03\/btn_pdf-80x80.png\" alt=\"\" width=\"26\" height=\"44\" \/><\/a> <strong>09.06.2020<\/strong> | Intentions de recrutement pour le 3\u00e8me trimestre 2020 au plus bas depuis 17 ans en Belgique (Barom\u00e8tre ManpowerGroup Q3\/2020).<\/li>\n<li><a href=\"\/wp-content\/uploads\/2020\/03\/Communique_ManpowerGroup_BE_FR_release_0603201.pdf\" rel=\"noopener noreferrer\"><img decoding=\"async\" class=\"alignnone wp-image-701\" src=\"\/wp-content\/uploads\/2017\/03\/btn_pdf-80x80.png\" alt=\"\" width=\"26\" height=\"44\" \/><\/a> <strong>06.03.2020<\/strong> | Journ\u00e9e internationale du droit des femmes : Plus de femmes au top : 5 conseils de ManpowerGroup.<\/li>\n<li><a href=\"\/wp-content\/uploads\/2020\/03\/28_02_20_Communique_presse_ManpowerGroup_Ethisphere2020_BEFR.pdf\" rel=\"noopener noreferrer\"><img decoding=\"async\" class=\"alignnone wp-image-701\" src=\"\/wp-content\/uploads\/2017\/03\/btn_pdf-80x80.png\" alt=\"\" width=\"26\" height=\"44\" \/><\/a> <strong>28.02.2020<\/strong> | ManpowerGroup parmi les entreprises \u2018les plus \u00e9thiques\u2019 au monde pour la onzi\u00e8me ann\u00e9e cons\u00e9cutive.<\/li>\n<li><a href=\"\/wp-content\/uploads\/2020\/02\/13_02_20_Penurie_talents_ManpowerGroup-logisitque-BEFR_graphs.pdf\" rel=\"noopener noreferrer\"><img decoding=\"async\" class=\"alignnone wp-image-701\" src=\"\/wp-content\/uploads\/2017\/03\/btn_pdf-80x80.png\" alt=\"\" width=\"26\" height=\"44\" \/><\/a> <strong>13.02.2020<\/strong> | 9 employeurs sur 10 du secteur du Transport et de la Logistique \u00e9prouvent des difficult\u00e9s de recrutement (Enqu\u00eate ManpowerGroup sur la P\u00e9nurie de Talents).<\/li>\n<li><a href=\"\/wp-content\/uploads\/2020\/01\/29_01_20_Penurie_talents_ManpowerGroup-BEFR_graphs.pdf\" rel=\"noopener noreferrer\"><img decoding=\"async\" class=\"alignnone wp-image-701\" src=\"\/wp-content\/uploads\/2017\/03\/btn_pdf-80x80.png\" alt=\"\" width=\"26\" height=\"44\" \/><\/a> <strong>29.01.2020<\/strong> | 45% des employeurs belges \u00e9prouvent des difficult\u00e9s \u00e0 remplir leurs postes vacants (Enqu\u00eate ManpowerGroup sur la P\u00e9nurie de Talents).<\/li>\n<\/ul>\n<h3>2019<\/h3>\n<ul>\n<li><a href=\"\/wp-content\/uploads\/2019\/12\/BE_FR_release_1Q20.pdf\" rel=\"noopener noreferrer\"><img decoding=\"async\" class=\"alignnone wp-image-701\" src=\"\/wp-content\/uploads\/2017\/03\/btn_pdf-80x80.png\" alt=\"\" width=\"26\" height=\"44\" \/><\/a> <strong>10.12.2019<\/strong> | 9 employeurs belges sur 10 pr\u00e9voient de maintenir leurs effectifs au m\u00eame niveau au cours du 1er trimestre 2020 (Barom\u00e8tre ManpowerGroup Q1\/2020).<\/li>\n<li><a href=\"\/wp-content\/uploads\/2019\/09\/BE_FR_release_4Q19_Final.pdf\" rel=\"noopener noreferrer\"><img decoding=\"async\" class=\"alignnone wp-image-701\" src=\"\/wp-content\/uploads\/2017\/03\/btn_pdf-80x80.png\" alt=\"\" width=\"26\" height=\"44\" \/><\/a> <strong>10.09.2019<\/strong> | Les employeurs belges se pr\u00e9parent \u00e0 recruter au cours du quatri\u00e8me trimestre (Barom\u00e8tre ManpowerGroup Q4\/2019).<\/li>\n<li><a href=\"\/wp-content\/uploads\/2019\/06\/11_06_19_Communique_presse_Barometre_ManpowerGroup_MEOS_Q319-BEFR.pdf\" rel=\"noopener noreferrer\"><img decoding=\"async\" class=\"alignnone wp-image-701\" src=\"\/wp-content\/uploads\/2017\/03\/btn_pdf-80x80.png\" alt=\"\" width=\"26\" height=\"44\" \/><\/a> <strong>11.06.2019<\/strong> | Les employeurs belges pr\u00e9voient de ralentir le rythme des embauches au cours du 3e trimestre \u00a0(Barom\u00e8tre ManpowerGroup Q3\/2019).<\/li>\n<li><a href=\"\/wp-content\/uploads\/2019\/05\/30_04_19_Communique_presse_ManpowerGroup_TWI_BEFR.pdf\" target=\"_blank\" rel=\"noopener noreferrer\"><img decoding=\"async\" class=\"alignnone wp-image-701\" src=\"\/wp-content\/uploads\/2017\/03\/btn_pdf-80x80.png\" alt=\"\" width=\"26\" height=\"44\" \/><\/a> <strong>30.04.2019<\/strong> | La Belgique 49e (sur 75) sur l\u2019indice mondial de la main-d\u2019oeuvre de ManpowerGroup (Total Workforce Index&#x2122;).<\/li>\n<li><a href=\"\/wp-content\/uploads\/2019\/05\/12_03_19_Communique_presse_Barometre_Manpower_MEOS_Q219-BEFR.pdf\" target=\"_blank\" rel=\"noopener noreferrer\"><img decoding=\"async\" class=\"alignnone wp-image-701\" src=\"\/wp-content\/uploads\/2017\/03\/btn_pdf-80x80.png\" alt=\"\" width=\"26\" height=\"44\" \/><\/a> <strong>12.03.2019<\/strong> | Pr\u00e8s d\u2019un employeur belge sur dix pr\u00e9voit des embauches au cours du 2e trimestre 2019 (Barom\u00e8tre ManpowerGroup Q2\/2019).<\/li>\n<li><a href=\"\/wp-content\/uploads\/2019\/05\/06_03_19_Communique_presse_ManpowerGroup_Ethisphere2019_EFR.pdf\" target=\"_blank\" rel=\"noopener noreferrer\"><img decoding=\"async\" class=\"alignnone wp-image-701\" src=\"\/wp-content\/uploads\/2017\/03\/btn_pdf-80x80.png\" alt=\"\" width=\"26\" height=\"44\" \/><\/a> <strong>06.03.2019<\/strong> | ManpowerGroup parmi les entreprises \u2018les plus \u00e9thiques\u2019 au monde pour la dixi\u00e8me ann\u00e9e cons\u00e9cutive.<\/li>\n<li><a href=\"\/wp-content\/uploads\/2019\/05\/26_02_19_Communiqu\u00e9_Presse_ManpowerGroup_Enqu\u00eate-Digitalisation_BE_FR.pdf\" target=\"_blank\" rel=\"noopener noreferrer\"><img decoding=\"async\" class=\"alignnone wp-image-701\" src=\"\/wp-content\/uploads\/2017\/03\/btn_pdf-80x80.png\" alt=\"\" width=\"26\" height=\"44\" \/><\/a> <strong>26.02.2019<\/strong> | Robots recherchent humains : quand les machines ne peuvent se passer de l\u2019Homme (Enqu\u00eate ManpowerGroup Digitalisation et Emploi).<\/li>\n<li><a href=\"\/wp-content\/uploads\/2019\/05\/24_01_19_Communiqu\u00e9_Presse_ManpowerGroup_Davos2019_BE_FR.pdf\" target=\"_blank\" rel=\"noopener noreferrer\"><img decoding=\"async\" class=\"alignnone wp-image-701\" src=\"\/wp-content\/uploads\/2017\/03\/btn_pdf-80x80.png\" alt=\"\" width=\"26\" height=\"44\" \/><\/a> <strong>24.01.2019<\/strong>\u00a0| ManpowerGroup pr\u00e9sente les 15 nouvelles tendances de l\u2019\u00e8re de l\u2019humain (le Human Age) au 49e Forum Economique mondial de Davos.<\/li>\n<li><a href=\"\/wp-content\/uploads\/2019\/05\/16_01_19_Communique_presse_ManpowerGroup_Skoda_-BEFR.pdf\" target=\"_blank\" rel=\"noopener noreferrer\"><img decoding=\"async\" class=\"alignnone wp-image-701\" src=\"\/wp-content\/uploads\/2017\/03\/btn_pdf-80x80.png\" alt=\"\" width=\"26\" height=\"44\" \/><\/a> <strong>16.01.2019<\/strong> | Manpower s\u2019associe \u00e0 \u0160KODA pour une campagne de recrutement cibl\u00e9e vers 5 profils fortement recherch\u00e9s.<\/li>\n<\/ul>\n<h3>2018<\/h3>\n<ul>\n<li><a href=\"https:\/\/uat.manpowergroup.be\/wp-content\/uploads\/2018\/12\/11_12_18_Communique_presse_Barometre_Manpower_MEOS_Q119-BEFR.pdf\" target=\"_blank\" rel=\"noopener noreferrer\"><img decoding=\"async\" class=\"alignnone wp-image-701\" src=\"\/wp-content\/uploads\/2017\/03\/btn_pdf-80x80.png\" alt=\"\" width=\"26\" height=\"44\" \/><\/a> <strong>11.12.2018<\/strong> | Les employeurs belges optimistes \u00e0 l\u2019aube de 2019 \u00a0(Barom\u00e8tre ManpowerGroup Q1\/2019).<\/li>\n<li><a href=\"https:\/\/uat.manpowergroup.be\/wp-content\/uploads\/2018\/11\/27_11_18_Communiqu\u00e9-_Presse_Culture_innovation-_ManpowerGroup_BEFR.pdf\" target=\"_blank\" rel=\"noopener noreferrer\"><img decoding=\"async\" class=\"alignnone wp-image-701\" src=\"\/wp-content\/uploads\/2017\/03\/btn_pdf-80x80.png\" alt=\"\" width=\"26\" height=\"44\" \/><\/a> <strong>27.11.2018<\/strong> | Votre entreprise a-t-elle le potentiel pour innover ? L\u2019innovation est une culture. En voici les 9 caract\u00e9ristique selon ManpowerGroup.<\/li>\n<li><a href=\"https:\/\/uat.manpowergroup.be\/wp-content\/uploads\/2018\/11\/16_11_18_Communiqu\u00e9-_Presse_HR_-Excellence_-Awards_-2018_ManpowerGroup_BEFR.pdf\" target=\"_blank\" rel=\"noopener noreferrer\"><img decoding=\"async\" class=\"alignnone wp-image-701\" src=\"\/wp-content\/uploads\/2017\/03\/btn_pdf-80x80.png\" alt=\"\" width=\"26\" height=\"44\" \/><\/a> <strong>16.11.2018<\/strong> | HR Excellence Awards : Manpower Belgum remporte l&rsquo;Award \u2018Best Staffing, Sourcing &amp; Contingent Workforce Management Company\u2019.<\/li>\n<li><a href=\"https:\/\/uat.manpowergroup.be\/wp-content\/uploads\/2018\/11\/05_11_18_communiqu\u00e9_presse_Permanent_Placement_Luxembourg.pdf\" target=\"_blank\" rel=\"noopener noreferrer\"><img decoding=\"async\" class=\"alignnone wp-image-701\" src=\"\/wp-content\/uploads\/2017\/03\/btn_pdf-80x80.png\" alt=\"\" width=\"26\" height=\"44\" \/><\/a> <strong>05.11.2018<\/strong> | Manpower introduit son service \u2018Permanent Placement\u2019 au Grand-Duch\u00e9 du Luxembourg.<\/li>\n<li><a href=\"https:\/\/uat.manpowergroup.be\/wp-content\/uploads\/2018\/09\/26_09_18_Communiqu\u00e9_ManpowerGroup_D\u00e9veloppment-durable-_BEFR.pdf\" target=\"_blank\" rel=\"noopener noreferrer\"><img decoding=\"async\" class=\"alignnone wp-image-701\" src=\"\/wp-content\/uploads\/2017\/03\/btn_pdf-80x80.png\" alt=\"\" width=\"26\" height=\"44\" \/><\/a> <strong>26.09.2018<\/strong> | Objectifs mondiaux, d\u00e9fi relev\u00e9 : ManpowerGroup soutient les objectifs de d\u00e9veloppement durable des Nations Unies et c\u00e9l\u00e8bre partout dans le monde son engagement \u2018Doing Well by Doing Good\u2019.<\/li>\n<li><a href=\"https:\/\/uat.manpowergroup.be\/wp-content\/uploads\/2018\/09\/11_09_18_Communique_presse_Barometre_ManpowerGroup_MEOS_Q418_Logistic_BEFR.pdf\" target=\"_blank\" rel=\"noopener noreferrer\"><img decoding=\"async\" class=\"alignnone wp-image-701\" src=\"\/wp-content\/uploads\/2017\/03\/btn_pdf-80x80.png\" alt=\"\" width=\"26\" height=\"44\" \/><\/a> <strong>11.09.2018<\/strong> | Les perspectives d\u2019emploi pour les quatri\u00e8me trimestre restent positives dans le secteur du Transport et de la Logistique (Barom\u00e8tre ManpowerGroup Q4\/2018).<\/li>\n<li><a href=\"https:\/\/uat.manpowergroup.be\/wp-content\/uploads\/2018\/09\/11_09_18_Persbericht_Barometer_ManpowerGroup_MEOS_Q418_Q418_Logistic_BENL.pdf\" target=\"_blank\" rel=\"noopener noreferrer\"><img decoding=\"async\" class=\"alignnone wp-image-701\" src=\"\/wp-content\/uploads\/2017\/03\/btn_pdf-80x80.png\" alt=\"\" width=\"26\" height=\"44\" \/><\/a> <strong>11.09.2018<\/strong> | Les employeurs belges pr\u00e9voient d\u2019embaucher au quatri\u00e8me trimestre \u2026mais trouveront-ils les candidats ? (Barom\u00e8tre ManpowerGroup Q4\/2018).<\/li>\n<li><a href=\"https:\/\/uat.manpowergroup.be\/wp-content\/uploads\/2018\/04\/27_03_18_Communiqu\u00e9-_Manpower_lancement-projet-STEP_BE-_FR.pdf\" target=\"_blank\" rel=\"noopener noreferrer\"><img decoding=\"async\" class=\"alignnone wp-image-701\" src=\"\/wp-content\/uploads\/2017\/03\/btn_pdf-80x80.png\" alt=\"\" width=\"26\" height=\"44\" \/><\/a> <strong>20.07.2018<\/strong> | Mathilde Lambin devient Sales &amp; Operations Manager chez Manpower Luxembourg.<\/li>\n<li><a href=\"https:\/\/uat.manpowergroup.be\/wp-content\/uploads\/2018\/04\/27_03_18_Communiqu\u00e9-_Manpower_lancement-projet-STEP_BE-_FR.pdf\" target=\"_blank\" rel=\"noopener noreferrer\"><img decoding=\"async\" class=\"alignnone wp-image-701\" src=\"\/wp-content\/uploads\/2017\/03\/btn_pdf-80x80.png\" alt=\"\" width=\"26\" height=\"44\" \/><\/a> <strong>17.07.2018<\/strong> | Les soft skills \u00e0 l\u2019honneur lors de la finale europ\u00e9enne des mini-entreprises \u00e0 Belgrade (#CoYC18).<\/li>\n<li><a href=\"https:\/\/uat.manpowergroup.be\/wp-content\/uploads\/2018\/04\/27_03_18_Communiqu\u00e9-_Manpower_lancement-projet-STEP_BE-_FR.pdf\" target=\"_blank\" rel=\"noopener noreferrer\"><img decoding=\"async\" class=\"alignnone wp-image-701\" src=\"\/wp-content\/uploads\/2017\/03\/btn_pdf-80x80.png\" alt=\"\" width=\"26\" height=\"44\" \/><\/a> <strong>26.06.2018<\/strong> | Les p\u00e9nuries de talents touchent plus d\u2019un employeur belge sur trois. Aujourd\u2019hui, sur le march\u00e9 de l\u2019emploi, ce n\u2019est plus uniquement \u2018jobs, jobs, jobs\u2019 mais \u2018skills, skills, skills\u2019.<\/li>\n<li><a href=\"https:\/\/uat.manpowergroup.be\/wp-content\/uploads\/2018\/04\/27_03_18_Communiqu\u00e9-_Manpower_lancement-projet-STEP_BE-_FR.pdf\" target=\"_blank\" rel=\"noopener noreferrer\"><img decoding=\"async\" class=\"alignnone wp-image-701\" src=\"\/wp-content\/uploads\/2017\/03\/btn_pdf-80x80.png\" alt=\"\" width=\"26\" height=\"44\" \/><\/a> <strong>12.06.2018<\/strong> | Les cr\u00e9ations d\u2019emplois en Belgique vont se poursuivre au m\u00eame rythme pendant l\u2019\u00e9t\u00e9 (Barom\u00e8tre ManpowerGroup Q3\/2018).<\/li>\n<li><a href=\"https:\/\/uat.manpowergroup.be\/wp-content\/uploads\/2018\/04\/27_03_18_Communiqu\u00e9-_Manpower_lancement-projet-STEP_BE-_FR.pdf\" target=\"_blank\" rel=\"noopener noreferrer\"><img decoding=\"async\" class=\"alignnone wp-image-701\" src=\"\/wp-content\/uploads\/2017\/03\/btn_pdf-80x80.png\" alt=\"\" width=\"26\" height=\"44\" \/><\/a> <strong>15.05.2018<\/strong> | On recherche (H\/F) : Data Protection Officer\u00a0 \u00a0(RGPD \u2013 R\u00e8glement g\u00e9n\u00e9ral sur la protection des donn\u00e9es).<\/li>\n<li><a href=\"https:\/\/uat.manpowergroup.be\/wp-content\/uploads\/2018\/03\/13_03_18_Communique_presse_Barometre_Manpower_MEOS_Q218-BEFR-1.pdf\" target=\"_blank\" rel=\"noopener noreferrer\"><img decoding=\"async\" class=\"alignnone wp-image-701\" src=\"\/wp-content\/uploads\/2017\/03\/btn_pdf-80x80.png\" alt=\"\" width=\"26\" height=\"44\" \/><\/a> <strong>24.04.2018<\/strong> | Pour 1 employeur belge sur 4, la digitalisation aura un impact positif sur l\u2019emploi.<\/li>\n<li><a href=\"https:\/\/uat.manpowergroup.be\/wp-content\/uploads\/2018\/04\/27_03_18_Communiqu\u00e9-_Manpower_lancement-projet-STEP_BE-_FR.pdf\" target=\"_blank\" rel=\"noopener noreferrer\"><img decoding=\"async\" class=\"alignnone wp-image-701\" src=\"\/wp-content\/uploads\/2017\/03\/btn_pdf-80x80.png\" alt=\"\" width=\"26\" height=\"44\" \/><\/a> <strong>27.03.2018<\/strong> | Inclusion sur le march\u00e9 du travail : cela doit venir des deux c\u00f4t\u00e9s.<\/li>\n<li><a href=\"https:\/\/uat.manpowergroup.be\/wp-content\/uploads\/2018\/03\/13_03_18_Communique_presse_Barometre_Manpower_MEOS_Q218-BEFR-1.pdf\" target=\"_blank\" rel=\"noopener noreferrer\"><img decoding=\"async\" class=\"alignnone wp-image-701\" src=\"\/wp-content\/uploads\/2017\/03\/btn_pdf-80x80.png\" alt=\"\" width=\"26\" height=\"44\" \/><\/a> <strong>13.03.2018<\/strong> | L\u2019optimisme reste de mise sur le march\u00e9 de l\u2019emploi en Belgique (Barom\u00e8tre ManpowerGroup Q2\/2018).<\/li>\n<li><a href=\"https:\/\/uat.manpowergroup.be\/wp-content\/uploads\/2018\/03\/08_03_18_Communique_presse_Manpower-Technical-Academy-MTA-BEFR.pdf\" target=\"_blank\" rel=\"noopener noreferrer\"><img decoding=\"async\" class=\"alignnone wp-image-701\" src=\"\/wp-content\/uploads\/2017\/03\/btn_pdf-80x80.png\" alt=\"\" width=\"26\" height=\"44\" \/><\/a> <strong>08.03.2018<\/strong> | Manpower Technical Academy : Manpower lance un centre de formation mobile pour r\u00e9pondre aux p\u00e9nuries de profils techniques.<\/li>\n<li><a href=\"https:\/\/uat.manpowergroup.be\/wp-content\/uploads\/2018\/02\/08_02_18-communique_presse_ManpowerGroup_LJE-Vlajo_BEFR.pdf\" target=\"_blank\" rel=\"noopener noreferrer\"><img decoding=\"async\" class=\"alignnone wp-image-701\" src=\"\/wp-content\/uploads\/2017\/03\/btn_pdf-80x80.png\" alt=\"\" width=\"26\" height=\"44\" \/><\/a> <strong>08.02.2018<\/strong> | ManpowerGroup Belgium conclut un partenariat avec Les Jeunes Entreprises et Vlajo.<\/li>\n<li><a href=\"https:\/\/uat.manpowergroup.be\/wp-content\/uploads\/2018\/02\/25_01_18_Communique_presse_ManpowerGroup_Davos-2018_BEFR.pdf\" target=\"_blank\" rel=\"noopener noreferrer\"><img decoding=\"async\" class=\"alignnone wp-image-701\" src=\"\/wp-content\/uploads\/2017\/03\/btn_pdf-80x80.png\" alt=\"\" width=\"26\" height=\"44\" \/><\/a> <strong>25.01.2018<\/strong> | Davos 2018 ( #WEF18) : Impact de la transformation digitale sur l\u2019emploi, R\u00e9volution des Comp\u00e9tences, Nouveau Leadership, ManpowerGroup partage sa vision du futur du travail au Forum \u00e9conomique mondial de Davos.<\/li>\n<li><a href=\"https:\/\/uat.manpowergroup.be\/wp-content\/uploads\/2018\/02\/18_01_18_Communique_presse_Right-Management_Right-Person-Wrong-Roles_BEFR.pdf\" target=\"_blank\" rel=\"noopener noreferrer\"><img decoding=\"async\" class=\"alignnone wp-image-701\" src=\"\/wp-content\/uploads\/2017\/03\/btn_pdf-80x80.png\" alt=\"\" width=\"26\" height=\"44\" \/><\/a> <strong>18.01.2018<\/strong> | Un travailleur sur cinq exerce un job qui ne lui convient pas.<\/li>\n<\/ul>\n<h3>2017<\/h3>\n<ul>\n<li><a href=\"https:\/\/uat.manpowergroup.be\/wp-content\/uploads\/2017\/12\/12_12_17_Communique_presse_Barometre_Manpower_MEOS_Q118-BEFR-1.pdf\" target=\"_blank\" rel=\"noopener noreferrer\"><img decoding=\"async\" class=\"alignnone wp-image-701\" src=\"\/wp-content\/uploads\/2017\/03\/btn_pdf-80x80.png\" alt=\"\" width=\"26\" height=\"44\" \/><\/a> <strong>12.12.2017<\/strong> | Intentions de recrutement positives pour le 1er trimestre 2018.<\/li>\n<li><a href=\"https:\/\/uat.manpowergroup.be\/wp-content\/uploads\/2017\/12\/22_11_17_Communique_presse_Total-Workforce-Index_BEFR.pdf\" target=\"_blank\" rel=\"noopener noreferrer\"><img decoding=\"async\" class=\"alignnone wp-image-701\" src=\"\/wp-content\/uploads\/2017\/03\/btn_pdf-80x80.png\" alt=\"\" width=\"26\" height=\"44\" \/><\/a> <strong>22.11.2017<\/strong> | La Belgique 25e (sur 75) au classement mondial de la main-d\u2019oeuvre (Total Workforce Index&#x2122;).<\/li>\n<li><a href=\"https:\/\/uat.manpowergroup.be\/wp-content\/uploads\/2017\/11\/13-25_10_17_Communique_presse_Work_for-Me_BEFR.pdf\" target=\"_blank\" rel=\"noopener noreferrer\"><img decoding=\"async\" class=\"alignnone wp-image-701\" src=\"\/wp-content\/uploads\/2017\/03\/btn_pdf-80x80.png\" alt=\"\" width=\"26\" height=\"44\" \/><\/a> <strong>25.10.2017<\/strong> | La flexibilit\u00e9 devient un crit\u00e8re d\u00e9terminant dans le choix d\u2019un employeur.<\/li>\n<li><a href=\"https:\/\/uat.manpowergroup.be\/wp-content\/uploads\/2017\/11\/12-05_10_17_Communique_presse_ManpowerGroup_NexGenWork-BEFR.pdf\" target=\"_blank\" rel=\"noopener noreferrer\"><img decoding=\"async\" class=\"alignnone wp-image-701\" src=\"\/wp-content\/uploads\/2017\/03\/btn_pdf-80x80.png\" alt=\"\" width=\"26\" height=\"44\" \/><\/a> <strong>05.10.2017<\/strong> | 87% des travailleurs sont pr\u00eats \u00e0 se lancer vers les emplois \u2018nouvelle g\u00e9n\u00e9ration\u2019 (int\u00e9rim, freelance, ind\u00e9pendant, \u2018platform worker\u2019, \u2018slasher\u2019 , etc.).<\/li>\n<li><a href=\"https:\/\/uat.manpowergroup.be\/wp-content\/uploads\/2017\/12\/21_09_17_Communique_presse_ManpowerGroup_EcoVadis-BEFR.pdf\" target=\"_blank\" rel=\"noopener noreferrer\"><img decoding=\"async\" class=\"alignnone wp-image-701\" src=\"\/wp-content\/uploads\/2017\/03\/btn_pdf-80x80.png\" alt=\"\" width=\"26\" height=\"44\" \/><\/a> <strong>21.09.2017<\/strong> | L\u2019or pour ManpowerGroup Belux sur la plateforme de notation de responsabilit\u00e9 soci\u00e9tale EcoVadis.<\/li>\n<li><a href=\"https:\/\/uat.manpowergroup.be\/wp-content\/uploads\/2017\/11\/11-12_09_17_Communique_presse_Barometre_Manpower_MEOS_Q417-BEFR.pdf\" target=\"_blank\" rel=\"noopener noreferrer\"><img decoding=\"async\" class=\"alignnone wp-image-701\" src=\"\/wp-content\/uploads\/2017\/03\/btn_pdf-80x80.png\" alt=\"\" width=\"26\" height=\"44\" \/><\/a>\u00a0<strong>12.09.2017<\/strong> | La dynamique d\u2019embauche reste positive en Belgique (Barom\u00e8tre ManpowerGroup Q3\/2017).<\/li>\n<li><a href=\"https:\/\/uat.manpowergroup.be\/wp-content\/uploads\/2017\/11\/10-17_07_2017_Communique_Winner_Ready_for_Work_Award_JA_ManpowerGroup.pdf\" target=\"_blank\" rel=\"noopener noreferrer\"><img decoding=\"async\" class=\"alignnone wp-image-701\" src=\"\/wp-content\/uploads\/2017\/03\/btn_pdf-80x80.png\" alt=\"\" width=\"26\" height=\"44\" \/><\/a>\u00a0<strong>17.07.2017<\/strong> | Le ManpowerGroup \u2018Ready for Work\u2019-award est attribu\u00e9 \u00e0\u2026Malte.<\/li>\n<li><a href=\"https:\/\/uat.manpowergroup.be\/wp-content\/uploads\/2017\/11\/9-11_07_2017_Communique_Ready_for_Work_Award_JA_ManpowerGroup1-BE.pdf\" target=\"_blank\" rel=\"noopener noreferrer\"><img decoding=\"async\" class=\"alignnone wp-image-701\" src=\"\/wp-content\/uploads\/2017\/03\/btn_pdf-80x80.png\" alt=\"\" width=\"26\" height=\"44\" \/><\/a>\u00a0<strong>11.07.2017<\/strong> | ManpowerGroup c\u00e9l\u00e8bre le d\u00e9sir d\u2019apprendre lors de la finale europ\u00e9enne des Mini-entreprises \u00e0 Bruxelles.<\/li>\n<li><a href=\"https:\/\/uat.manpowergroup.be\/wp-content\/uploads\/2017\/11\/8-13_06_17_Communique_presse_Barometre_Manpower_MEOS_Q317-BEFR.pdf\" target=\"_blank\" rel=\"noopener noreferrer\"><img decoding=\"async\" class=\"alignnone wp-image-701\" src=\"\/wp-content\/uploads\/2017\/03\/btn_pdf-80x80.png\" alt=\"\" width=\"26\" height=\"44\" \/><\/a>\u00a0<strong>13.06.2017<\/strong> | Les employeurs belges pr\u00e9voient de continuer \u00e0 recruter pendant l\u2019\u00e9t\u00e9 (Barom\u00e8tre ManpowerGroup Q3\/2017).<\/li>\n<li><a href=\"https:\/\/uat.manpowergroup.be\/wp-content\/uploads\/2017\/11\/7-16_05_17_Communique_presse_Well_informed_candidate_BEFR.pdf\" target=\"_blank\" rel=\"noopener noreferrer\"><img decoding=\"async\" class=\"alignnone wp-image-701\" src=\"\/wp-content\/uploads\/2017\/03\/btn_pdf-80x80.png\" alt=\"\" width=\"26\" height=\"44\" \/><\/a>\u00a0<strong>16.05.2017<\/strong> | Les candidats prennent le pouvoir lors du recrutement.<\/li>\n<li><a href=\"https:\/\/uat.manpowergroup.be\/wp-content\/uploads\/2017\/11\/6-21_04_17_Communique_presse_ManpowerGroup_csr_2017-BEFR.pdf\" target=\"_blank\" rel=\"noopener noreferrer\"><img decoding=\"async\" class=\"alignnone wp-image-701\" src=\"\/wp-content\/uploads\/2017\/03\/btn_pdf-80x80.png\" alt=\"\" width=\"26\" height=\"44\" \/><\/a> <strong>21.04.2017<\/strong> | ManpowerGroup parmi les entreprises \u2018les plus \u00e9thiques\u2019 et \u2018les plus admir\u00e9es\u2019 au niveau mondial.<\/li>\n<li><a href=\"https:\/\/uat.manpowergroup.be\/wp-content\/uploads\/2017\/11\/5-14_03_17_Communique_presse_Barometre_ManpowerGroup_MEOS_Q217-BEFR1.pdf\" target=\"_blank\" rel=\"noopener noreferrer\"><img decoding=\"async\" class=\"alignnone wp-image-701\" src=\"\/wp-content\/uploads\/2017\/03\/btn_pdf-80x80.png\" alt=\"\" width=\"26\" height=\"44\" \/><\/a>\u00a0<strong>14.03.2017<\/strong> | 93% des employeurs belges pr\u00e9voient de maintenir leurs effectifs au m\u00eame niveau au cours du prochain trimestre (Barom\u00e8tre ManpowerGroup Q2\/2017).<\/li>\n<li><a href=\"https:\/\/uat.manpowergroup.be\/wp-content\/uploads\/2017\/11\/21_02_17_Communiqu\u00e9_ManpowerGroup_une_carriere_pour_moi_FR.pdf\" target=\"_blank\" rel=\"noopener noreferrer\"><img decoding=\"async\" class=\"alignnone wp-image-701\" src=\"https:\/\/uat.manpowergroup.be\/wp-content\/uploads\/2017\/03\/btn_pdf-80x80.png\" alt=\"\" width=\"26\" height=\"44\" \/><\/a>\u00a0<strong>21.02.2017<\/strong> | La G\u00e9n\u00e9ration Y veut apprendre\u2026 mais pas diriger !<\/li>\n<li><a href=\"https:\/\/uat.manpowergroup.be\/wp-content\/uploads\/2017\/11\/3-07.02.17_Persbericht_ManpowerGroup_CSR-BENL.pdf\" target=\"_blank\" rel=\"noopener noreferrer\"><img decoding=\"async\" class=\"alignnone wp-image-701\" src=\"https:\/\/uat.manpowergroup.be\/wp-content\/uploads\/2017\/03\/btn_pdf-80x80.png\" alt=\"\" width=\"26\" height=\"44\" \/><\/a>\u00a0<strong>07.02.2017<\/strong> | Trois priorit\u00e9s de ManpowerGroup pour la cr\u00e9ation d\u2019emplois durables : les jeunes, la formation et l\u2019inclusion.<\/li>\n<li><a href=\"https:\/\/uat.manpowergroup.be\/wp-content\/uploads\/2017\/11\/2-18_01_17_Communique_presse_ManpowerGroup_Davos_2017-BEFR.pdf\" target=\"_blank\" rel=\"noopener noreferrer\"><img decoding=\"async\" class=\"alignnone wp-image-701\" src=\"https:\/manpowergroup.be\/wp-content\/uploads\/2017\/03\/btn_pdf-80x80.png\" alt=\"\" width=\"26\" height=\"44\" \/><\/a>\u00a0<strong>18.01.2017<\/strong> | Davos 2017 : Les comp\u00e9tences sont la nouvelle monnaie !<\/li>\n<li><a href=\"https:\/\/uat.manpowergroup.be\/wp-content\/uploads\/2017\/11\/1-12_01_17_Communique_presse_ManpowerGroup_Futurskill_Proservia-BEFR.pdf\"><img decoding=\"async\" class=\"alignnone wp-image-701\" src=\"https:\/\/uat.manpowergroup.be\/wp-content\/uploads\/2017\/03\/btn_pdf-80x80.png\" alt=\"\" width=\"26\" height=\"44\" \/><\/a><strong>\u00a012.01.2017<\/strong> | ManpowerGroup lance deux nouvelles marques en Belgique\u00a0: FuturSkill\u00ae, Proservia&#x2122;.<\/li>\n<\/ul>\n<h3>2016<\/h3>\n<ul>\n<li><a href=\"https:\/\/uat.manpowergroup.be\/wp-content\/uploads\/2017\/11\/2-13_12_16_Communique_presse_Barometre_ManpowerGroup_MEOS_Q117-BEFR-1.pdf\" target=\"_blank\" rel=\"noopener noreferrer\"><img decoding=\"async\" class=\"alignnone wp-image-701\" src=\"https:\/\/uat.manpowergroup.be\/wp-content\/uploads\/2017\/03\/btn_pdf-80x80.png\" alt=\"\" width=\"26\" height=\"44\" \/><\/a><strong> 13.12.2016<\/strong> | Intentions de recrutement au plus haut depuis plus de cinq ans (Barom\u00e8tre ManpowerGroup Q1\/2017).<\/li>\n<li><a href=\"https:\/\/uat.manpowergroup.be\/wp-content\/uploads\/2017\/11\/1-22_11_16_communiqu\u00e9_quiz_personnalit\u00e9_GIF_Manpower-1.pdf\" target=\"_blank\" rel=\"noopener noreferrer\"><img decoding=\"async\" class=\"alignnone wp-image-701\" src=\"https:\/\/uat.manpowergroup.be\/wp-content\/uploads\/2017\/03\/btn_pdf-80x80.png\" alt=\"\" width=\"26\" height=\"44\" \/><\/a><strong> 22.11.2016<\/strong> | Manpower lance un quiz de personnalit\u00e9 via les r\u00e9seaux sociaux.<\/li>\n<\/ul>\n<p><\/div><\/div>\n<p><\/div><\/div>\n\n<p>&nbsp;<\/p>\n<p><strong>International\u00a0:<\/strong><\/p>\n<ul>\n<li><a href=\"http:\/\/www.manpowergroup.com\/media-center\/news-releases\" target=\"_blank\" rel=\"noopener noreferrer\">Cliquez ici<\/a>.<\/li>\n<\/ul>\n<p>&nbsp;<\/p>\n<h2>Press Kit<\/h2>\n<p><strong>ManpowerGroup Boilerplates<\/strong><\/p>\n<p>Notre <a href=\"https:\/\/uat.manpowergroup.be\/wp-content\/uploads\/2025\/04\/Boilerplate_2025_BEFR.pdf\" target=\"_blank\" rel=\"noopener\">ManpowerGroup Boilerplate<\/a> pr\u00e9sente de fa\u00e7on synth\u00e9tique chacune des marques de ManpowerGroup.<\/p>\n<p>&nbsp;<\/p>\n<p><a href=\"https:\/\/uat.manpowergroup.be\/wp-content\/uploads\/2025\/04\/FactsFigures_2025_BEENG.pdf\" target=\"_blank\" rel=\"noopener\">English version<\/a>.<\/p>\n<p>&nbsp;<\/p>\n<p><strong>ManpowerGroup Corporate Fact Sheet<\/strong><\/p>\n<p>Notre <a href=\"https:\/\/uat.manpowergroup.be\/wp-content\/uploads\/2025\/04\/FactsFigures_2025_BEFR.pdf\" target=\"_blank\" rel=\"noopener\">Corporate Fact sheet<\/a> reprend les principaux faits et chiffres des marques de ManpowerGroup, en Belgique \/ Luxembourg et dans le monde.<\/p>\n<p><a href=\"https:\/\/uat.manpowergroup.be\/wp-content\/uploads\/2025\/04\/FactsFigures_2025_BEFR.pdf\" target=\"_blank\" rel=\"noopener\"><img loading=\"lazy\" decoding=\"async\" class=\"alignnone wp-image-8553 size-medium\" src=\"https:\/\/uat.manpowergroup.be\/wp-content\/uploads\/2022\/07\/BEFR-THUMBNAIL-FACT-SHEET-2022-212x300.png\" alt=\"\" width=\"212\" height=\"300\" srcset=\"https:\/\/uat.manpowergroup.be\/wp-content\/uploads\/2022\/07\/BEFR-THUMBNAIL-FACT-SHEET-2022-212x300.png 212w, https:\/\/uat.manpowergroup.be\/wp-content\/uploads\/2022\/07\/BEFR-THUMBNAIL-FACT-SHEET-2022-103x146.png 103w, https:\/\/uat.manpowergroup.be\/wp-content\/uploads\/2022\/07\/BEFR-THUMBNAIL-FACT-SHEET-2022-35x50.png 35w, https:\/\/uat.manpowergroup.be\/wp-content\/uploads\/2022\/07\/BEFR-THUMBNAIL-FACT-SHEET-2022-53x75.png 53w, https:\/\/uat.manpowergroup.be\/wp-content\/uploads\/2022\/07\/BEFR-THUMBNAIL-FACT-SHEET-2022.png 574w\" sizes=\"(max-width: 212px) 100vw, 212px\" \/><\/a><\/p>\n<p><a href=\"https:\/\/uat.manpowergroup.be\/wp-content\/uploads\/2022\/12\/BEENG_factsfigures_ManpowerGroup_2022.pdf\" target=\"_blank\" rel=\"noopener\">English version<\/a>.<\/p>\n<h2>Banque d\u2019images<\/h2>\n<ul>\n<li>Sebastien Delfosse, Managing Director de ManpowerGroup BeLux : <a href=\"https:\/\/uat.manpowergroup.be\/wp-content\/uploads\/2022\/01\/Sebastien_Delfosse_Managing_Director_ManpowerGroup_BeLux_DSC00680-high-def.jpg\" target=\"_blank\" rel=\"noopener\">photo 1<\/a>, <a href=\"https:\/\/uat.manpowergroup.be\/wp-content\/uploads\/2022\/01\/Sebastien_Delfosse_Managing_Director_ManpowerGroup_BeLux_DSC00832_highef-min.jpg\" target=\"_blank\" rel=\"noopener\">photo 2<\/a>.<\/li>\n<li>Agences et bureaux de ManpowerGroup : <a href=\"https:\/\/www.manpowergroup.com\/media-center\/visual-libraries\/locations\" target=\"_blank\" rel=\"noopener noreferrer\">cliquez ici<\/a>.<\/li>\n<li>Logos des diff\u00e9rentes marques de ManpowerGroup : <a href=\"https:\/\/www.manpowergroup.com\/media-center\/visual-libraries\/logos\" target=\"_blank\" rel=\"noopener noreferrer\">cliquez ici<\/a>.<\/li>\n<\/ul>\n<p>&nbsp;<\/p>\n<h2>Contact<\/h2>\n<p><span style=\"font-weight: 400;\"><img loading=\"lazy\" decoding=\"async\" class=\"alignleft wp-image-512 \" src=\"https:\/\/uat.manpowergroup.be\/wp-content\/uploads\/2017\/03\/marc-vandeleene.jpg\" alt=\"\" width=\"169\" height=\"265\" \/><br \/>\n<\/span><span style=\"font-weight: 400;\"><strong>Marc Vandeleene, PR &amp; Communications Manager<\/strong><\/span><\/p>\n<p><span style=\"font-weight: 400;\">Email :\u00a0<\/span><a href=\"mailto:ma*************@***************up.be\" data-original-string=\"yfeF3CM6xCB+nxNpeX6nbA==a83LPe2EibRal6tVdyXGH3NuuW+UIINSg45n9QZSvhqBY4pNNTRw4WlPg+gvONWdtdG\" title=\"This contact has been encoded by Anti-Spam by CleanTalk. Click to decode. To finish the decoding make sure that JavaScript is enabled in your browser.\"><span style=\"font-weight: 400;\"><span \n                data-original-string='K2ieaJXMMXMGRxFd36N6CA==a83X78p6nhZOvOLFw+7IiHaQZ\/OaoeMyRNlsp+5tkQD452wP2sWve9iEuK92iysuBW7'\n                class='apbct-email-encoder'\n                title='This contact has been encoded by Anti-Spam by CleanTalk. Click to decode. To finish the decoding make sure that JavaScript is enabled in your browser.'>ma<span class=\"apbct-blur\">*************<\/span>@<span class=\"apbct-blur\">***************<\/span>up.be<\/span><\/span><\/a><\/p>\n<p><span style=\"font-weight: 400;\">T\u00e9l. : +32 2 639 10 70<\/span><\/p>\n<p><span style=\"font-weight: 400;\">ManpowerGroup Belux<br \/>\n<\/span><span style=\"font-weight: 400;\">Avenue de Communaut\u00e9s 110<br \/>\n<\/span><span style=\"font-weight: 400;\">B-1200 Bruxelles<br \/>\n<\/span><span style=\"font-weight: 400;\">Belgique<\/span><\/p>\n<p>[\/vc_column_text][\/vc_column][\/vc_row]<\/p>\n<div id=\"ConnectiveDocSignExtentionInstalled\" data-extension-version=\"1.0.4\"><\/div>\n<\/div>","protected":false},"excerpt":{"rendered":"<p>[vc_row][vc_column][vc_column_text] Espace\u00a0Presse Gr\u00e2ce \u00e0 notre position de leader au coeur du march\u00e9 mondial du travail, ManpowerGroup est un observateur privil\u00e9gi\u00e9 des tendances de l\u2019emploi. Nos \u00e9tudes,<span class=\"excerpt-hellip\"> [\u2026]<\/span><\/p>\n","protected":false},"author":4,"featured_media":0,"parent":0,"menu_order":0,"comment_status":"closed","ping_status":"closed","template":"","meta":{"footnotes":""},"class_list":["post-170","page","type-page","status-publish","hentry"],"_links":{"self":[{"href":"https:\/\/uat.manpowergroup.be\/fr\/wp-json\/wp\/v2\/pages\/170","targetHints":{"allow":["GET"]}}],"collection":[{"href":"https:\/\/uat.manpowergroup.be\/fr\/wp-json\/wp\/v2\/pages"}],"about":[{"href":"https:\/\/uat.manpowergroup.be\/fr\/wp-json\/wp\/v2\/types\/page"}],"author":[{"embeddable":true,"href":"https:\/\/uat.manpowergroup.be\/fr\/wp-json\/wp\/v2\/users\/4"}],"replies":[{"embeddable":true,"href":"https:\/\/uat.manpowergroup.be\/fr\/wp-json\/wp\/v2\/comments?post=170"}],"version-history":[{"count":133,"href":"https:\/\/uat.manpowergroup.be\/fr\/wp-json\/wp\/v2\/pages\/170\/revisions"}],"predecessor-version":[{"id":14063,"href":"https:\/\/uat.manpowergroup.be\/fr\/wp-json\/wp\/v2\/pages\/170\/revisions\/14063"}],"wp:attachment":[{"href":"https:\/\/uat.manpowergroup.be\/fr\/wp-json\/wp\/v2\/media?parent=170"}],"curies":[{"name":"wp","href":"https:\/\/api.w.org\/{rel}","templated":true}]}}